{"id":9910,"date":"2024-11-04T13:57:35","date_gmt":"2024-11-04T13:57:35","guid":{"rendered":"https:\/\/apedaf.be\/wordpress\/?page_id=9910"},"modified":"2025-08-11T09:29:31","modified_gmt":"2025-08-11T09:29:31","slug":"campagne-2024-surdite-et-etudes-superieures","status":"publish","type":"page","link":"https:\/\/apedaf.be\/wordpress\/campagne-2024-surdite-et-etudes-superieures\/","title":{"rendered":"Campagne 2024 : Surdit\u00e9 et \u00e9tudes sup\u00e9rieures"},"content":{"rendered":"\t\t<div data-elementor-type=\"wp-page\" data-elementor-id=\"9910\" class=\"elementor elementor-9910\" data-elementor-post-type=\"page\">\n\t\t\t\t<div class=\"elementor-element elementor-element-6e58213 e-flex e-con-boxed e-con e-parent\" data-id=\"6e58213\" data-element_type=\"container\" data-e-type=\"container\">\n\t\t\t\t\t<div class=\"e-con-inner\">\n\t\t\t\t<div class=\"elementor-element elementor-element-f44094e elementor-widget elementor-widget-spacer\" data-id=\"f44094e\" data-element_type=\"widget\" data-e-type=\"widget\" data-widget_type=\"spacer.default\">\n\t\t\t\t<div class=\"elementor-widget-container\">\n\t\t\t\t\t\t\t<div class=\"elementor-spacer\">\n\t\t\t<div class=\"elementor-spacer-inner\"><\/div>\n\t\t<\/div>\n\t\t\t\t\t\t<\/div>\n\t\t\t\t<\/div>\n\t\t\t\t<div class=\"elementor-element elementor-element-f721aee elementor-widget elementor-widget-heading\" data-id=\"f721aee\" data-element_type=\"widget\" data-e-type=\"widget\" data-widget_type=\"heading.default\">\n\t\t\t\t<div class=\"elementor-widget-container\">\n\t\t\t\t\t<h2 class=\"elementor-heading-title elementor-size-default\">Campagne 2024<\/h2>\t\t\t\t<\/div>\n\t\t\t\t<\/div>\n\t\t\t\t<div class=\"elementor-element elementor-element-0e50a04 elementor-widget elementor-widget-image\" data-id=\"0e50a04\" data-element_type=\"widget\" data-e-type=\"widget\" data-widget_type=\"image.default\">\n\t\t\t\t<div class=\"elementor-widget-container\">\n\t\t\t\t\t\t\t\t\t\t\t\t\t\t\t<img fetchpriority=\"high\" decoding=\"async\" width=\"1024\" height=\"576\" src=\"https:\/\/apedaf.be\/wordpress\/wp-content\/uploads\/2024\/10\/EP-grande-banniere-site--1024x576.jpg\" class=\"attachment-large size-large wp-image-9912\" alt=\"\" srcset=\"https:\/\/apedaf.be\/wordpress\/wp-content\/uploads\/2024\/10\/EP-grande-banniere-site--1024x576.jpg 1024w, https:\/\/apedaf.be\/wordpress\/wp-content\/uploads\/2024\/10\/EP-grande-banniere-site--300x169.jpg 300w, https:\/\/apedaf.be\/wordpress\/wp-content\/uploads\/2024\/10\/EP-grande-banniere-site--768x432.jpg 768w, https:\/\/apedaf.be\/wordpress\/wp-content\/uploads\/2024\/10\/EP-grande-banniere-site--1536x864.jpg 1536w, https:\/\/apedaf.be\/wordpress\/wp-content\/uploads\/2024\/10\/EP-grande-banniere-site--800x450.jpg 800w, https:\/\/apedaf.be\/wordpress\/wp-content\/uploads\/2024\/10\/EP-grande-banniere-site-.jpg 1920w\" sizes=\"(max-width: 1024px) 100vw, 1024px\" \/>\t\t\t\t\t\t\t\t\t\t\t\t\t\t\t<\/div>\n\t\t\t\t<\/div>\n\t\t\t\t\t<\/div>\n\t\t\t\t<\/div>\n\t\t\t\t<section class=\"elementor-section elementor-top-section elementor-element elementor-element-b97fcb2 elementor-section-boxed elementor-section-height-default elementor-section-height-default\" data-id=\"b97fcb2\" data-element_type=\"section\" data-e-type=\"section\">\n\t\t\t\t\t\t<div class=\"elementor-container elementor-column-gap-default\">\n\t\t\t\t\t<div class=\"elementor-column elementor-col-100 elementor-top-column elementor-element elementor-element-4123974\" data-id=\"4123974\" data-element_type=\"column\" data-e-type=\"column\">\n\t\t\t<div class=\"elementor-widget-wrap elementor-element-populated\">\n\t\t\t\t\t\t<div class=\"elementor-element elementor-element-679255d elementor-widget elementor-widget-text-editor\" data-id=\"679255d\" data-element_type=\"widget\" data-e-type=\"widget\" data-widget_type=\"text-editor.default\">\n\t\t\t\t<div class=\"elementor-widget-container\">\n\t\t\t\t\t\t\t\t\t<p>Pourquoi mettre l\u2019accent sur un \u00e9tudiant sourd et pas les \u00e9tudiants au sens large ?\u00a0<span style=\"font-size: 14px;\">La surdit\u00e9 en tant que handicap invisible est souvent incompris par le monde des entendants, et\u00a0<\/span><span style=\"font-size: 14px;\">celui-ci n\u2019a pas conscience des probl\u00e8mes rencontr\u00e9s dans la vie quotidienne.\u00a0<br \/><\/span><span style=\"font-size: 14px;\">Nous avons constat\u00e9 lors de nos entretiens avec les diff\u00e9rents intervenants du sup\u00e9rieur\u00a0<\/span><span style=\"font-size: 14px;\">(services d\u2019aide, \u00e9tudiants et professeurs) que la surdit\u00e9 \u00e9tait m\u00e9connue. La complexit\u00e9 de cet\u00a0<\/span><span style=\"font-size: 14px;\">handicap et les profils tr\u00e8s diff\u00e9rents de personnes sourdes \u00e9chappent totalement au monde\u00a0<\/span><span style=\"font-size: 14px;\">des entendants.\u00a0<br \/><\/span><span style=\"font-size: 14px;\">De ce fait, et en tant qu\u2019association du monde de la surdit\u00e9, nous avons le devoir d\u2019informer le\u00a0<\/span><span style=\"font-size: 14px;\">grand public et de le sensibiliser \u00e0 la surdit\u00e9 et \u00e0 la culture sourde.<br \/><\/span><\/p>\t\t\t\t\t\t\t\t<\/div>\n\t\t\t\t<\/div>\n\t\t\t\t<div class=\"elementor-element elementor-element-d350a99 elementor-widget elementor-widget-heading\" data-id=\"d350a99\" data-element_type=\"widget\" data-e-type=\"widget\" data-widget_type=\"heading.default\">\n\t\t\t\t<div class=\"elementor-widget-container\">\n\t\t\t\t\t<h2 class=\"elementor-heading-title elementor-size-default\">Nos objectifs de campagne<\/h2>\t\t\t\t<\/div>\n\t\t\t\t<\/div>\n\t\t\t\t<div class=\"elementor-element elementor-element-1010f18 elementor-widget elementor-widget-text-editor\" data-id=\"1010f18\" data-element_type=\"widget\" data-e-type=\"widget\" data-widget_type=\"text-editor.default\">\n\t\t\t\t<div class=\"elementor-widget-container\">\n\t\t\t\t\t\t\t\t\t<p>En tant qu\u2019APEDAF, nous partons de pr\u00e9occupations de parents d\u2019enfants sourds concernant le v\u00e9cu de leur enfant \u00e9tudiant dans le sup\u00e9rieur.<br \/>L\u2019objectif de notre campagne de sensibilisation est de promouvoir l\u2019accessibilit\u00e9 aux \u00e9tudes sup\u00e9rieures pour les jeunes sourds et malentendants en sensibilisant le grand public, en proposant des solutions concr\u00e8tes aux \u00e9coles et universit\u00e9s, et en interpellant les politiques pour favoriser une meilleure inclusion.<br \/>Lors de la r\u00e9colte d\u2019informations en vue de pr\u00e9parer cette campagne, un \u00e9l\u00e9ment fondamental est ressorti des discussions ; la m\u00e9connaissance des diff\u00e9rents profils d\u2019\u00e9tudiants sourds et les incompr\u00e9hensions qui en d\u00e9coulent.<br \/>Plusieurs facteurs expliquent cette diversit\u00e9 de profils : le contexte familial (parents sourds ou non), <strong>le degr\u00e9 <\/strong>et le<strong> type de surdit\u00e9<\/strong>, le <strong>type d\u2019appareillage<\/strong>, le <strong>mode de communication<\/strong>, le <strong>type de scolarisation<\/strong>, les amiti\u00e9s sourdes ou non,&#8230;<\/p>\t\t\t\t\t\t\t\t<\/div>\n\t\t\t\t<\/div>\n\t\t\t\t\t<\/div>\n\t\t<\/div>\n\t\t\t\t\t<\/div>\n\t\t<\/section>\n\t\t\t\t<section class=\"elementor-section elementor-top-section elementor-element elementor-element-96a133d elementor-section-boxed elementor-section-height-default elementor-section-height-default\" data-id=\"96a133d\" data-element_type=\"section\" data-e-type=\"section\">\n\t\t\t\t\t\t<div class=\"elementor-container elementor-column-gap-default\">\n\t\t\t\t\t<div class=\"elementor-column elementor-col-50 elementor-top-column elementor-element elementor-element-f5ba5dd\" data-id=\"f5ba5dd\" data-element_type=\"column\" data-e-type=\"column\">\n\t\t\t<div class=\"elementor-widget-wrap elementor-element-populated\">\n\t\t\t\t\t\t<div class=\"elementor-element elementor-element-1cb4045 elementor-widget elementor-widget-heading\" data-id=\"1cb4045\" data-element_type=\"widget\" data-e-type=\"widget\" data-widget_type=\"heading.default\">\n\t\t\t\t<div class=\"elementor-widget-container\">\n\t\t\t\t\t<h2 class=\"elementor-heading-title elementor-size-default\">Notre communiqu\u00e9 de presse <\/h2>\t\t\t\t<\/div>\n\t\t\t\t<\/div>\n\t\t\t\t<div class=\"elementor-element elementor-element-b0cb843 elementor-widget elementor-widget-image\" data-id=\"b0cb843\" data-element_type=\"widget\" data-e-type=\"widget\" data-widget_type=\"image.default\">\n\t\t\t\t<div class=\"elementor-widget-container\">\n\t\t\t\t\t\t\t\t\t\t\t\t\t\t\t<img decoding=\"async\" src=\"https:\/\/apedaf.be\/wordpress\/wp-content\/uploads\/2024\/11\/Capture-decran-2024-11-05-a-13.47.29.jpg\" title=\"communiqu\u00e9 de presse EP 2024\" alt=\"communiqu\u00e9 de presse EP 2024\" loading=\"lazy\" \/>\t\t\t\t\t\t\t\t\t\t\t\t\t\t\t<\/div>\n\t\t\t\t<\/div>\n\t\t\t\t<div class=\"elementor-element elementor-element-af15519 elementor-align-center elementor-widget elementor-widget-button\" data-id=\"af15519\" data-element_type=\"widget\" data-e-type=\"widget\" data-widget_type=\"button.default\">\n\t\t\t\t<div class=\"elementor-widget-container\">\n\t\t\t\t\t\t\t\t\t<div class=\"elementor-button-wrapper\">\n\t\t\t\t\t<a class=\"elementor-button elementor-button-link elementor-size-sm\" href=\"https:\/\/apedaf.be\/wordpress\/download\/9996\/?tmstv=1730810977\">\n\t\t\t\t\t\t<span class=\"elementor-button-content-wrapper\">\n\t\t\t\t\t\t\t\t\t<span class=\"elementor-button-text\">T\u00e9l\u00e9charger<\/span>\n\t\t\t\t\t<\/span>\n\t\t\t\t\t<\/a>\n\t\t\t\t<\/div>\n\t\t\t\t\t\t\t\t<\/div>\n\t\t\t\t<\/div>\n\t\t\t\t\t<\/div>\n\t\t<\/div>\n\t\t\t\t<div class=\"elementor-column elementor-col-50 elementor-top-column elementor-element elementor-element-fe8d564\" data-id=\"fe8d564\" data-element_type=\"column\" data-e-type=\"column\">\n\t\t\t<div class=\"elementor-widget-wrap elementor-element-populated\">\n\t\t\t\t\t\t<div class=\"elementor-element elementor-element-ca8958f elementor-widget elementor-widget-heading\" data-id=\"ca8958f\" data-element_type=\"widget\" data-e-type=\"widget\" data-widget_type=\"heading.default\">\n\t\t\t\t<div class=\"elementor-widget-container\">\n\t\t\t\t\t<h2 class=\"elementor-heading-title elementor-size-default\">Notre analyse<\/h2>\t\t\t\t<\/div>\n\t\t\t\t<\/div>\n\t\t\t\t<div class=\"elementor-element elementor-element-ae82177 elementor-widget elementor-widget-image\" data-id=\"ae82177\" data-element_type=\"widget\" data-e-type=\"widget\" data-widget_type=\"image.default\">\n\t\t\t\t<div class=\"elementor-widget-container\">\n\t\t\t\t\t\t\t\t\t\t\t\t\t\t\t<img decoding=\"async\" src=\"https:\/\/apedaf.be\/wordpress\/wp-content\/uploads\/2024\/10\/EP_2024_ETUDES-SUP_affiche_page-0001.jpg\" title=\"ETUDES SUP_affiche\" alt=\"ETUDES SUP_affiche\" loading=\"lazy\" \/>\t\t\t\t\t\t\t\t\t\t\t\t\t\t\t<\/div>\n\t\t\t\t<\/div>\n\t\t\t\t<div class=\"elementor-element elementor-element-064f03a elementor-align-center elementor-widget elementor-widget-button\" data-id=\"064f03a\" data-element_type=\"widget\" data-e-type=\"widget\" data-widget_type=\"button.default\">\n\t\t\t\t<div class=\"elementor-widget-container\">\n\t\t\t\t\t\t\t\t\t<div class=\"elementor-button-wrapper\">\n\t\t\t\t\t<a class=\"elementor-button elementor-button-link elementor-size-sm\" href=\"https:\/\/apedaf.be\/wordpress\/download\/10033\/?tmstv=1732281222\">\n\t\t\t\t\t\t<span class=\"elementor-button-content-wrapper\">\n\t\t\t\t\t\t\t\t\t<span class=\"elementor-button-text\">T\u00e9l\u00e9charger<\/span>\n\t\t\t\t\t<\/span>\n\t\t\t\t\t<\/a>\n\t\t\t\t<\/div>\n\t\t\t\t\t\t\t\t<\/div>\n\t\t\t\t<\/div>\n\t\t\t\t\t<\/div>\n\t\t<\/div>\n\t\t\t\t\t<\/div>\n\t\t<\/section>\n\t\t\t\t<section class=\"elementor-section elementor-top-section elementor-element elementor-element-62b48e2 elementor-section-boxed elementor-section-height-default elementor-section-height-default\" data-id=\"62b48e2\" data-element_type=\"section\" data-e-type=\"section\">\n\t\t\t\t\t\t<div class=\"elementor-container elementor-column-gap-default\">\n\t\t\t\t\t<div class=\"elementor-column elementor-col-100 elementor-top-column elementor-element elementor-element-a806294\" data-id=\"a806294\" data-element_type=\"column\" data-e-type=\"column\">\n\t\t\t<div class=\"elementor-widget-wrap elementor-element-populated\">\n\t\t\t\t\t\t<div class=\"elementor-element elementor-element-3b78462 elementor-widget elementor-widget-spacer\" data-id=\"3b78462\" data-element_type=\"widget\" data-e-type=\"widget\" data-widget_type=\"spacer.default\">\n\t\t\t\t<div class=\"elementor-widget-container\">\n\t\t\t\t\t\t\t<div class=\"elementor-spacer\">\n\t\t\t<div class=\"elementor-spacer-inner\"><\/div>\n\t\t<\/div>\n\t\t\t\t\t\t<\/div>\n\t\t\t\t<\/div>\n\t\t\t\t<div class=\"elementor-element elementor-element-37b4b06 elementor-widget elementor-widget-heading\" data-id=\"37b4b06\" data-element_type=\"widget\" data-e-type=\"widget\" data-widget_type=\"heading.default\">\n\t\t\t\t<div class=\"elementor-widget-container\">\n\t\t\t\t\t<h2 class=\"elementor-heading-title elementor-size-default\">Nos champs d'action<\/h2>\t\t\t\t<\/div>\n\t\t\t\t<\/div>\n\t\t\t\t<div class=\"elementor-element elementor-element-33f8567 elementor-widget elementor-widget-text-editor\" data-id=\"33f8567\" data-element_type=\"widget\" data-e-type=\"widget\" data-widget_type=\"text-editor.default\">\n\t\t\t\t<div class=\"elementor-widget-container\">\n\t\t\t\t\t\t\t\t\t<p>\u00c0 l&rsquo;occasion de la campagne, divers outils et publications sur la th\u00e9matique de l\u2019accessibilit\u00e9 aux \u00e9tudes sup\u00e9rieures pour les personnes sourdes et malentendantes seront publi\u00e9es sur nos r\u00e9seaux sociaux ainsi que sur notre site internet.<br \/>Ils ont pour objectif de sensibiliser le grand public et les politiques tout en apportant des actions concr\u00e8tes aux universit\u00e9s et Hautes Ecoles afin de favoriser l\u2019inclusion des \u00e9tudiants sourds et malentendants au sein de leurs \u00e9tablissements.<\/p>\t\t\t\t\t\t\t\t<\/div>\n\t\t\t\t<\/div>\n\t\t\t\t\t<\/div>\n\t\t<\/div>\n\t\t\t\t\t<\/div>\n\t\t<\/section>\n\t\t\t\t<section class=\"elementor-section elementor-top-section elementor-element elementor-element-7c15392 elementor-section-boxed elementor-section-height-default elementor-section-height-default\" data-id=\"7c15392\" data-element_type=\"section\" data-e-type=\"section\">\n\t\t\t\t\t\t<div class=\"elementor-container elementor-column-gap-default\">\n\t\t\t\t\t<div class=\"elementor-column elementor-col-50 elementor-top-column elementor-element elementor-element-5c35402\" data-id=\"5c35402\" data-element_type=\"column\" data-e-type=\"column\">\n\t\t\t<div class=\"elementor-widget-wrap elementor-element-populated\">\n\t\t\t\t\t\t<div class=\"elementor-element elementor-element-abfb8b0 elementor-widget elementor-widget-heading\" data-id=\"abfb8b0\" data-element_type=\"widget\" data-e-type=\"widget\" data-widget_type=\"heading.default\">\n\t\t\t\t<div class=\"elementor-widget-container\">\n\t\t\t\t\t<h4 class=\"elementor-heading-title elementor-size-default\">1) Outil \u00e0 destination des enseignants<\/h4>\t\t\t\t<\/div>\n\t\t\t\t<\/div>\n\t\t\t\t<div class=\"elementor-element elementor-element-7dcb1f5 elementor-widget elementor-widget-text-editor\" data-id=\"7dcb1f5\" data-element_type=\"widget\" data-e-type=\"widget\" data-widget_type=\"text-editor.default\">\n\t\t\t\t<div class=\"elementor-widget-container\">\n\t\t\t\t\t\t\t\t\t<p>En tant qu\u2019enseignant, il est important d\u2019avoir conscience des besoins des \u00e9tudiants pour adapter au mieux le cours et son contenu. Cet outil a comme objectif de donner aux professeurs une liste de recommandation pour accueillir au mieux un \u00e9tudiant sourd dans sa classe.<\/p>\t\t\t\t\t\t\t\t<\/div>\n\t\t\t\t<\/div>\n\t\t\t\t\t<\/div>\n\t\t<\/div>\n\t\t\t\t<div class=\"elementor-column elementor-col-50 elementor-top-column elementor-element elementor-element-93001db\" data-id=\"93001db\" data-element_type=\"column\" data-e-type=\"column\">\n\t\t\t<div class=\"elementor-widget-wrap elementor-element-populated\">\n\t\t\t\t\t\t<div class=\"elementor-element elementor-element-5a837e1 elementor-widget elementor-widget-image\" data-id=\"5a837e1\" data-element_type=\"widget\" data-e-type=\"widget\" data-widget_type=\"image.default\">\n\t\t\t\t<div class=\"elementor-widget-container\">\n\t\t\t\t\t\t\t\t\t\t\t\t\t\t\t<img decoding=\"async\" src=\"https:\/\/apedaf.be\/wordpress\/wp-content\/uploads\/2024\/10\/visuel-outil-prof.jpg\" title=\"outil enseignant\" alt=\"outil enseignant\" loading=\"lazy\" \/>\t\t\t\t\t\t\t\t\t\t\t\t\t\t\t<\/div>\n\t\t\t\t<\/div>\n\t\t\t\t<div class=\"elementor-element elementor-element-c0fe1ae elementor-align-center elementor-widget elementor-widget-button\" data-id=\"c0fe1ae\" data-element_type=\"widget\" data-e-type=\"widget\" data-widget_type=\"button.default\">\n\t\t\t\t<div class=\"elementor-widget-container\">\n\t\t\t\t\t\t\t\t\t<div class=\"elementor-button-wrapper\">\n\t\t\t\t\t<a class=\"elementor-button elementor-button-link elementor-size-sm\" href=\"https:\/\/apedaf.be\/wordpress\/download\/9930\/?tmstv=1730731602\" target=\"_blank\">\n\t\t\t\t\t\t<span class=\"elementor-button-content-wrapper\">\n\t\t\t\t\t\t\t\t\t<span class=\"elementor-button-text\">T\u00e9l\u00e9charger<\/span>\n\t\t\t\t\t<\/span>\n\t\t\t\t\t<\/a>\n\t\t\t\t<\/div>\n\t\t\t\t\t\t\t\t<\/div>\n\t\t\t\t<\/div>\n\t\t\t\t\t<\/div>\n\t\t<\/div>\n\t\t\t\t\t<\/div>\n\t\t<\/section>\n\t\t\t\t<section class=\"elementor-section elementor-top-section elementor-element elementor-element-2743d91 elementor-section-boxed elementor-section-height-default elementor-section-height-default\" data-id=\"2743d91\" data-element_type=\"section\" data-e-type=\"section\">\n\t\t\t\t\t\t<div class=\"elementor-container elementor-column-gap-default\">\n\t\t\t\t\t<div class=\"elementor-column elementor-col-50 elementor-top-column elementor-element elementor-element-64bd425\" data-id=\"64bd425\" data-element_type=\"column\" data-e-type=\"column\">\n\t\t\t<div class=\"elementor-widget-wrap elementor-element-populated\">\n\t\t\t\t\t\t<div class=\"elementor-element elementor-element-56a7122 elementor-widget elementor-widget-heading\" data-id=\"56a7122\" data-element_type=\"widget\" data-e-type=\"widget\" data-widget_type=\"heading.default\">\n\t\t\t\t<div class=\"elementor-widget-container\">\n\t\t\t\t\t<h4 class=\"elementor-heading-title elementor-size-default\">2) Outil \u00e0 destination des \u00e9tudiants<\/h4>\t\t\t\t<\/div>\n\t\t\t\t<\/div>\n\t\t\t\t<div class=\"elementor-element elementor-element-69b7d4b elementor-widget elementor-widget-text-editor\" data-id=\"69b7d4b\" data-element_type=\"widget\" data-e-type=\"widget\" data-widget_type=\"text-editor.default\">\n\t\t\t\t<div class=\"elementor-widget-container\">\n\t\t\t\t\t\t\t\t\t<p>Lors de l\u2019inscription, il est parfois compliqu\u00e9 de savoir quels sont les am\u00e9nagements possibles et quels sont nos besoins. Ce petit guide explique les diff\u00e9rentes d\u00e9marches \u00e0 faire pour un \u00e9tudiant sourd afin d\u2019obtenir des<br \/>am\u00e9nagements adapt\u00e9s \u00e0 ses besoins.<\/p>\t\t\t\t\t\t\t\t<\/div>\n\t\t\t\t<\/div>\n\t\t\t\t\t<\/div>\n\t\t<\/div>\n\t\t\t\t<div class=\"elementor-column elementor-col-50 elementor-top-column elementor-element elementor-element-a209953\" data-id=\"a209953\" data-element_type=\"column\" data-e-type=\"column\">\n\t\t\t<div class=\"elementor-widget-wrap elementor-element-populated\">\n\t\t\t\t\t\t<div class=\"elementor-element elementor-element-0e2b998 elementor-widget elementor-widget-image\" data-id=\"0e2b998\" data-element_type=\"widget\" data-e-type=\"widget\" data-widget_type=\"image.default\">\n\t\t\t\t<div class=\"elementor-widget-container\">\n\t\t\t\t\t\t\t\t\t\t\t\t\t\t\t<img decoding=\"async\" src=\"https:\/\/apedaf.be\/wordpress\/wp-content\/uploads\/2024\/10\/visuel-outil-etudiant.jpg\" title=\"outil \u00e9tudiant\" alt=\"outil \u00e9tudiant\" loading=\"lazy\" \/>\t\t\t\t\t\t\t\t\t\t\t\t\t\t\t<\/div>\n\t\t\t\t<\/div>\n\t\t\t\t<div class=\"elementor-element elementor-element-f081f0b elementor-align-center elementor-widget elementor-widget-button\" data-id=\"f081f0b\" data-element_type=\"widget\" data-e-type=\"widget\" data-widget_type=\"button.default\">\n\t\t\t\t<div class=\"elementor-widget-container\">\n\t\t\t\t\t\t\t\t\t<div class=\"elementor-button-wrapper\">\n\t\t\t\t\t<a class=\"elementor-button elementor-button-link elementor-size-sm\" href=\"https:\/\/apedaf.be\/wordpress\/download\/9933\/?tmstv=1730731602\" target=\"_blank\">\n\t\t\t\t\t\t<span class=\"elementor-button-content-wrapper\">\n\t\t\t\t\t\t\t\t\t<span class=\"elementor-button-text\">T\u00e9l\u00e9charger<\/span>\n\t\t\t\t\t<\/span>\n\t\t\t\t\t<\/a>\n\t\t\t\t<\/div>\n\t\t\t\t\t\t\t\t<\/div>\n\t\t\t\t<\/div>\n\t\t\t\t\t<\/div>\n\t\t<\/div>\n\t\t\t\t\t<\/div>\n\t\t<\/section>\n\t\t\t\t<section class=\"elementor-section elementor-top-section elementor-element elementor-element-bfc3b01 elementor-section-boxed elementor-section-height-default elementor-section-height-default\" data-id=\"bfc3b01\" data-element_type=\"section\" data-e-type=\"section\">\n\t\t\t\t\t\t<div class=\"elementor-container elementor-column-gap-default\">\n\t\t\t\t\t<div class=\"elementor-column elementor-col-50 elementor-top-column elementor-element elementor-element-38bb498\" data-id=\"38bb498\" data-element_type=\"column\" data-e-type=\"column\">\n\t\t\t<div class=\"elementor-widget-wrap elementor-element-populated\">\n\t\t\t\t\t\t<div class=\"elementor-element elementor-element-1f16453 elementor-widget elementor-widget-heading\" data-id=\"1f16453\" data-element_type=\"widget\" data-e-type=\"widget\" data-widget_type=\"heading.default\">\n\t\t\t\t<div class=\"elementor-widget-container\">\n\t\t\t\t\t<h4 class=\"elementor-heading-title elementor-size-default\">3) Outil \u00e0 destination des universit\u00e9s et Hautes-\u00c9coles<\/h4>\t\t\t\t<\/div>\n\t\t\t\t<\/div>\n\t\t\t\t<div class=\"elementor-element elementor-element-373f1c2 elementor-widget elementor-widget-text-editor\" data-id=\"373f1c2\" data-element_type=\"widget\" data-e-type=\"widget\" data-widget_type=\"text-editor.default\">\n\t\t\t\t<div class=\"elementor-widget-container\">\n\t\t\t\t\t\t\t\t\t<p>Cet outil a pour objectif de donner aux universit\u00e9s et Hautes-\u00c9coles une\u00a0<span style=\"font-size: 14px;\">liste de points d\u2019attention \u00e0 avoir lorsqu\u2019ils accueillent des \u00e9tudiants sourds\u00a0<\/span><span style=\"font-size: 14px;\">dans leur \u00e9tablissement.<\/span><\/p>\t\t\t\t\t\t\t\t<\/div>\n\t\t\t\t<\/div>\n\t\t\t\t\t<\/div>\n\t\t<\/div>\n\t\t\t\t<div class=\"elementor-column elementor-col-50 elementor-top-column elementor-element elementor-element-57cf10f\" data-id=\"57cf10f\" data-element_type=\"column\" data-e-type=\"column\">\n\t\t\t<div class=\"elementor-widget-wrap elementor-element-populated\">\n\t\t\t\t\t\t<div class=\"elementor-element elementor-element-0f42ecd elementor-widget elementor-widget-image\" data-id=\"0f42ecd\" data-element_type=\"widget\" data-e-type=\"widget\" data-widget_type=\"image.default\">\n\t\t\t\t<div class=\"elementor-widget-container\">\n\t\t\t\t\t\t\t\t\t\t\t\t\t\t\t<img decoding=\"async\" src=\"https:\/\/apedaf.be\/wordpress\/wp-content\/uploads\/2024\/10\/visuel-outil-etablissement.jpg\" title=\"outil \u00e9tablissement\" alt=\"outil \u00e9tablissement\" loading=\"lazy\" \/>\t\t\t\t\t\t\t\t\t\t\t\t\t\t\t<\/div>\n\t\t\t\t<\/div>\n\t\t\t\t<div class=\"elementor-element elementor-element-d81f590 elementor-align-center elementor-widget elementor-widget-button\" data-id=\"d81f590\" data-element_type=\"widget\" data-e-type=\"widget\" data-widget_type=\"button.default\">\n\t\t\t\t<div class=\"elementor-widget-container\">\n\t\t\t\t\t\t\t\t\t<div class=\"elementor-button-wrapper\">\n\t\t\t\t\t<a class=\"elementor-button elementor-button-link elementor-size-sm\" href=\"https:\/\/apedaf.be\/wordpress\/download\/9936\/?tmstv=1730731602\" target=\"_blank\">\n\t\t\t\t\t\t<span class=\"elementor-button-content-wrapper\">\n\t\t\t\t\t\t\t\t\t<span class=\"elementor-button-text\">T\u00e9l\u00e9charger<\/span>\n\t\t\t\t\t<\/span>\n\t\t\t\t\t<\/a>\n\t\t\t\t<\/div>\n\t\t\t\t\t\t\t\t<\/div>\n\t\t\t\t<\/div>\n\t\t\t\t\t<\/div>\n\t\t<\/div>\n\t\t\t\t\t<\/div>\n\t\t<\/section>\n\t\t\t\t<section class=\"elementor-section elementor-top-section elementor-element elementor-element-611dca9 elementor-section-boxed elementor-section-height-default elementor-section-height-default\" data-id=\"611dca9\" data-element_type=\"section\" data-e-type=\"section\">\n\t\t\t\t\t\t<div class=\"elementor-container elementor-column-gap-default\">\n\t\t\t\t\t<div class=\"elementor-column elementor-col-100 elementor-top-column elementor-element elementor-element-4fd1906\" data-id=\"4fd1906\" data-element_type=\"column\" data-e-type=\"column\">\n\t\t\t<div class=\"elementor-widget-wrap elementor-element-populated\">\n\t\t\t\t\t\t<div class=\"elementor-element elementor-element-1ce349e elementor-widget elementor-widget-heading\" data-id=\"1ce349e\" data-element_type=\"widget\" data-e-type=\"widget\" data-widget_type=\"heading.default\">\n\t\t\t\t<div class=\"elementor-widget-container\">\n\t\t\t\t\t<h2 class=\"elementor-heading-title elementor-size-default\">Vid\u00e9os de sensibilisation<\/h2>\t\t\t\t<\/div>\n\t\t\t\t<\/div>\n\t\t\t\t<div class=\"elementor-element elementor-element-5270d55 elementor-widget elementor-widget-spacer\" data-id=\"5270d55\" data-element_type=\"widget\" data-e-type=\"widget\" data-widget_type=\"spacer.default\">\n\t\t\t\t<div class=\"elementor-widget-container\">\n\t\t\t\t\t\t\t<div class=\"elementor-spacer\">\n\t\t\t<div class=\"elementor-spacer-inner\"><\/div>\n\t\t<\/div>\n\t\t\t\t\t\t<\/div>\n\t\t\t\t<\/div>\n\t\t\t\t\t<\/div>\n\t\t<\/div>\n\t\t\t\t\t<\/div>\n\t\t<\/section>\n\t\t\t\t<section class=\"elementor-section elementor-top-section elementor-element elementor-element-b4315d6 elementor-section-boxed elementor-section-height-default elementor-section-height-default\" data-id=\"b4315d6\" data-element_type=\"section\" data-e-type=\"section\">\n\t\t\t\t\t\t<div class=\"elementor-container elementor-column-gap-default\">\n\t\t\t\t\t<div class=\"elementor-column elementor-col-50 elementor-top-column elementor-element elementor-element-a9338c4\" data-id=\"a9338c4\" data-element_type=\"column\" data-e-type=\"column\">\n\t\t\t<div class=\"elementor-widget-wrap elementor-element-populated\">\n\t\t\t\t\t\t<div class=\"elementor-element elementor-element-22a335d elementor-widget elementor-widget-video\" data-id=\"22a335d\" data-element_type=\"widget\" data-e-type=\"widget\" data-settings=\"{&quot;youtube_url&quot;:&quot;https:\\\/\\\/youtu.be\\\/UwEPqklifUo&quot;,&quot;video_type&quot;:&quot;youtube&quot;,&quot;controls&quot;:&quot;yes&quot;}\" data-widget_type=\"video.default\">\n\t\t\t\t<div class=\"elementor-widget-container\">\n\t\t\t\t\t\t\t<div class=\"elementor-wrapper elementor-open-inline\">\n\t\t\t<div class=\"elementor-video\"><\/div>\t\t<\/div>\n\t\t\t\t\t\t<\/div>\n\t\t\t\t<\/div>\n\t\t\t\t\t<\/div>\n\t\t<\/div>\n\t\t\t\t<div class=\"elementor-column elementor-col-50 elementor-top-column elementor-element elementor-element-5722f1c\" data-id=\"5722f1c\" data-element_type=\"column\" data-e-type=\"column\">\n\t\t\t<div class=\"elementor-widget-wrap elementor-element-populated\">\n\t\t\t\t\t\t<div class=\"elementor-element elementor-element-2389c20 elementor-widget elementor-widget-video\" data-id=\"2389c20\" data-element_type=\"widget\" data-e-type=\"widget\" data-settings=\"{&quot;youtube_url&quot;:&quot;https:\\\/\\\/youtu.be\\\/W8FXtdMAxvk&quot;,&quot;video_type&quot;:&quot;youtube&quot;,&quot;controls&quot;:&quot;yes&quot;}\" data-widget_type=\"video.default\">\n\t\t\t\t<div class=\"elementor-widget-container\">\n\t\t\t\t\t\t\t<div class=\"elementor-wrapper elementor-open-inline\">\n\t\t\t<div class=\"elementor-video\"><\/div>\t\t<\/div>\n\t\t\t\t\t\t<\/div>\n\t\t\t\t<\/div>\n\t\t\t\t\t<\/div>\n\t\t<\/div>\n\t\t\t\t\t<\/div>\n\t\t<\/section>\n\t\t\t\t<section class=\"elementor-section elementor-top-section elementor-element elementor-element-dfb4fc0 elementor-section-boxed elementor-section-height-default elementor-section-height-default\" data-id=\"dfb4fc0\" data-element_type=\"section\" data-e-type=\"section\">\n\t\t\t\t\t\t<div class=\"elementor-container elementor-column-gap-default\">\n\t\t\t\t\t<div class=\"elementor-column elementor-col-50 elementor-top-column elementor-element elementor-element-453ee4c\" data-id=\"453ee4c\" data-element_type=\"column\" data-e-type=\"column\">\n\t\t\t<div class=\"elementor-widget-wrap elementor-element-populated\">\n\t\t\t\t\t\t<div class=\"elementor-element elementor-element-569bf79 elementor-widget elementor-widget-video\" data-id=\"569bf79\" data-element_type=\"widget\" data-e-type=\"widget\" data-settings=\"{&quot;youtube_url&quot;:&quot;https:\\\/\\\/youtu.be\\\/Q9KjMlo64Kk&quot;,&quot;video_type&quot;:&quot;youtube&quot;,&quot;controls&quot;:&quot;yes&quot;}\" data-widget_type=\"video.default\">\n\t\t\t\t<div class=\"elementor-widget-container\">\n\t\t\t\t\t\t\t<div class=\"elementor-wrapper elementor-open-inline\">\n\t\t\t<div class=\"elementor-video\"><\/div>\t\t<\/div>\n\t\t\t\t\t\t<\/div>\n\t\t\t\t<\/div>\n\t\t\t\t\t<\/div>\n\t\t<\/div>\n\t\t\t\t<div class=\"elementor-column elementor-col-50 elementor-top-column elementor-element elementor-element-d2b4a98\" data-id=\"d2b4a98\" data-element_type=\"column\" data-e-type=\"column\">\n\t\t\t<div class=\"elementor-widget-wrap elementor-element-populated\">\n\t\t\t\t\t\t<div class=\"elementor-element elementor-element-425bcbe elementor-widget elementor-widget-video\" data-id=\"425bcbe\" data-element_type=\"widget\" data-e-type=\"widget\" data-settings=\"{&quot;youtube_url&quot;:&quot;https:\\\/\\\/youtu.be\\\/fIZMoo6Bdis&quot;,&quot;video_type&quot;:&quot;youtube&quot;,&quot;controls&quot;:&quot;yes&quot;}\" data-widget_type=\"video.default\">\n\t\t\t\t<div class=\"elementor-widget-container\">\n\t\t\t\t\t\t\t<div class=\"elementor-wrapper elementor-open-inline\">\n\t\t\t<div class=\"elementor-video\"><\/div>\t\t<\/div>\n\t\t\t\t\t\t<\/div>\n\t\t\t\t<\/div>\n\t\t\t\t\t<\/div>\n\t\t<\/div>\n\t\t\t\t\t<\/div>\n\t\t<\/section>\n\t\t\t\t<section class=\"elementor-section elementor-top-section elementor-element elementor-element-09598b0 elementor-section-boxed elementor-section-height-default elementor-section-height-default\" data-id=\"09598b0\" data-element_type=\"section\" data-e-type=\"section\">\n\t\t\t\t\t\t<div class=\"elementor-container elementor-column-gap-default\">\n\t\t\t\t\t<div class=\"elementor-column elementor-col-50 elementor-top-column elementor-element elementor-element-0889c26\" data-id=\"0889c26\" data-element_type=\"column\" data-e-type=\"column\">\n\t\t\t<div class=\"elementor-widget-wrap elementor-element-populated\">\n\t\t\t\t\t\t<div class=\"elementor-element elementor-element-bcac877 elementor-widget elementor-widget-video\" data-id=\"bcac877\" data-element_type=\"widget\" data-e-type=\"widget\" data-settings=\"{&quot;youtube_url&quot;:&quot;https:\\\/\\\/youtu.be\\\/2nt_fBYauSQ&quot;,&quot;video_type&quot;:&quot;youtube&quot;,&quot;controls&quot;:&quot;yes&quot;}\" data-widget_type=\"video.default\">\n\t\t\t\t<div class=\"elementor-widget-container\">\n\t\t\t\t\t\t\t<div class=\"elementor-wrapper elementor-open-inline\">\n\t\t\t<div class=\"elementor-video\"><\/div>\t\t<\/div>\n\t\t\t\t\t\t<\/div>\n\t\t\t\t<\/div>\n\t\t\t\t\t<\/div>\n\t\t<\/div>\n\t\t\t\t<div class=\"elementor-column elementor-col-50 elementor-top-column elementor-element elementor-element-cc59b4f\" data-id=\"cc59b4f\" data-element_type=\"column\" data-e-type=\"column\">\n\t\t\t<div class=\"elementor-widget-wrap elementor-element-populated\">\n\t\t\t\t\t\t<div class=\"elementor-element elementor-element-0f2b237 elementor-widget elementor-widget-video\" data-id=\"0f2b237\" data-element_type=\"widget\" data-e-type=\"widget\" data-settings=\"{&quot;youtube_url&quot;:&quot;https:\\\/\\\/youtu.be\\\/GiUO2CHNDTo&quot;,&quot;video_type&quot;:&quot;youtube&quot;,&quot;controls&quot;:&quot;yes&quot;}\" data-widget_type=\"video.default\">\n\t\t\t\t<div class=\"elementor-widget-container\">\n\t\t\t\t\t\t\t<div class=\"elementor-wrapper elementor-open-inline\">\n\t\t\t<div class=\"elementor-video\"><\/div>\t\t<\/div>\n\t\t\t\t\t\t<\/div>\n\t\t\t\t<\/div>\n\t\t\t\t\t<\/div>\n\t\t<\/div>\n\t\t\t\t\t<\/div>\n\t\t<\/section>\n\t\t\t\t<section class=\"elementor-section elementor-top-section elementor-element elementor-element-d726cd1 elementor-section-boxed elementor-section-height-default elementor-section-height-default\" data-id=\"d726cd1\" data-element_type=\"section\" data-e-type=\"section\">\n\t\t\t\t\t\t<div class=\"elementor-container elementor-column-gap-default\">\n\t\t\t\t\t<div class=\"elementor-column elementor-col-100 elementor-top-column elementor-element elementor-element-3bd595c\" data-id=\"3bd595c\" data-element_type=\"column\" data-e-type=\"column\">\n\t\t\t<div class=\"elementor-widget-wrap elementor-element-populated\">\n\t\t\t\t\t\t<div class=\"elementor-element elementor-element-6f8b0cb elementor-widget elementor-widget-spacer\" data-id=\"6f8b0cb\" data-element_type=\"widget\" data-e-type=\"widget\" data-widget_type=\"spacer.default\">\n\t\t\t\t<div class=\"elementor-widget-container\">\n\t\t\t\t\t\t\t<div class=\"elementor-spacer\">\n\t\t\t<div class=\"elementor-spacer-inner\"><\/div>\n\t\t<\/div>\n\t\t\t\t\t\t<\/div>\n\t\t\t\t<\/div>\n\t\t\t\t<div class=\"elementor-element elementor-element-7c1f629 elementor-widget elementor-widget-heading\" data-id=\"7c1f629\" data-element_type=\"widget\" data-e-type=\"widget\" data-widget_type=\"heading.default\">\n\t\t\t\t<div class=\"elementor-widget-container\">\n\t\t\t\t\t<h2 class=\"elementor-heading-title elementor-size-default\">Le  m\u00e9morandum du Centre Comprendre et Parler (CCP)<\/h2>\t\t\t\t<\/div>\n\t\t\t\t<\/div>\n\t\t\t\t<div class=\"elementor-element elementor-element-bf4c193 elementor-widget elementor-widget-video\" data-id=\"bf4c193\" data-element_type=\"widget\" data-e-type=\"widget\" data-settings=\"{&quot;youtube_url&quot;:&quot;https:\\\/\\\/youtu.be\\\/YCrqwSrzXw0&quot;,&quot;video_type&quot;:&quot;youtube&quot;,&quot;controls&quot;:&quot;yes&quot;}\" data-widget_type=\"video.default\">\n\t\t\t\t<div class=\"elementor-widget-container\">\n\t\t\t\t\t\t\t<div class=\"elementor-wrapper elementor-open-inline\">\n\t\t\t<div class=\"elementor-video\"><\/div>\t\t<\/div>\n\t\t\t\t\t\t<\/div>\n\t\t\t\t<\/div>\n\t\t\t\t<div class=\"elementor-element elementor-element-bb771ae elementor-widget elementor-widget-text-editor\" data-id=\"bb771ae\" data-element_type=\"widget\" data-e-type=\"widget\" data-widget_type=\"text-editor.default\">\n\t\t\t\t<div class=\"elementor-widget-container\">\n\t\t\t\t\t\t\t\t\t<p>T\u00e9l\u00e9chargez le m\u00e9morandum en <span style=\"color: #0000ff;\"><a style=\"color: #0000ff;\" href=\"https:\/\/apedaf.be\/wordpress\/download\/10459\/?tmstv=1741601899\">cliquant ici<\/a><\/span><\/p>\t\t\t\t\t\t\t\t<\/div>\n\t\t\t\t<\/div>\n\t\t\t\t<div class=\"elementor-element elementor-element-9722837 elementor-widget elementor-widget-spacer\" data-id=\"9722837\" data-element_type=\"widget\" data-e-type=\"widget\" data-widget_type=\"spacer.default\">\n\t\t\t\t<div class=\"elementor-widget-container\">\n\t\t\t\t\t\t\t<div class=\"elementor-spacer\">\n\t\t\t<div class=\"elementor-spacer-inner\"><\/div>\n\t\t<\/div>\n\t\t\t\t\t\t<\/div>\n\t\t\t\t<\/div>\n\t\t\t\t<div class=\"elementor-element elementor-element-64e0371 elementor-widget elementor-widget-heading\" data-id=\"64e0371\" data-element_type=\"widget\" data-e-type=\"widget\" data-widget_type=\"heading.default\">\n\t\t\t\t<div class=\"elementor-widget-container\">\n\t\t\t\t\t<h2 class=\"elementor-heading-title elementor-size-default\">Notre affiche de campagne<\/h2>\t\t\t\t<\/div>\n\t\t\t\t<\/div>\n\t\t\t\t<div class=\"elementor-element elementor-element-ede7636 elementor-widget elementor-widget-spacer\" data-id=\"ede7636\" data-element_type=\"widget\" data-e-type=\"widget\" data-widget_type=\"spacer.default\">\n\t\t\t\t<div class=\"elementor-widget-container\">\n\t\t\t\t\t\t\t<div class=\"elementor-spacer\">\n\t\t\t<div class=\"elementor-spacer-inner\"><\/div>\n\t\t<\/div>\n\t\t\t\t\t\t<\/div>\n\t\t\t\t<\/div>\n\t\t\t\t\t<\/div>\n\t\t<\/div>\n\t\t\t\t\t<\/div>\n\t\t<\/section>\n\t\t\t\t<section class=\"elementor-section elementor-top-section elementor-element elementor-element-91574ce elementor-section-boxed elementor-section-height-default elementor-section-height-default\" data-id=\"91574ce\" data-element_type=\"section\" data-e-type=\"section\">\n\t\t\t\t\t\t<div class=\"elementor-container elementor-column-gap-default\">\n\t\t\t\t\t<div class=\"elementor-column elementor-col-100 elementor-top-column elementor-element elementor-element-2333a9c\" data-id=\"2333a9c\" data-element_type=\"column\" data-e-type=\"column\">\n\t\t\t<div class=\"elementor-widget-wrap elementor-element-populated\">\n\t\t\t\t\t\t<div class=\"elementor-element elementor-element-ca6aabe elementor-widget elementor-widget-image\" data-id=\"ca6aabe\" data-element_type=\"widget\" data-e-type=\"widget\" data-widget_type=\"image.default\">\n\t\t\t\t<div class=\"elementor-widget-container\">\n\t\t\t\t\t\t\t\t\t\t\t\t\t\t\t<img decoding=\"async\" src=\"https:\/\/apedaf.be\/wordpress\/wp-content\/uploads\/2024\/10\/EP_2024_ETUDES-SUP_affiche_page-0001.jpg\" title=\"ETUDES SUP_affiche\" alt=\"ETUDES SUP_affiche\" loading=\"lazy\" \/>\t\t\t\t\t\t\t\t\t\t\t\t\t\t\t<\/div>\n\t\t\t\t<\/div>\n\t\t\t\t<div class=\"elementor-element elementor-element-17219df elementor-align-center elementor-widget elementor-widget-button\" data-id=\"17219df\" data-element_type=\"widget\" data-e-type=\"widget\" data-widget_type=\"button.default\">\n\t\t\t\t<div class=\"elementor-widget-container\">\n\t\t\t\t\t\t\t\t\t<div class=\"elementor-button-wrapper\">\n\t\t\t\t\t<a class=\"elementor-button elementor-button-link elementor-size-sm\" href=\"https:\/\/apedaf.be\/wordpress\/download\/9927\/?tmstv=1730731602\" target=\"_blank\">\n\t\t\t\t\t\t<span class=\"elementor-button-content-wrapper\">\n\t\t\t\t\t\t\t\t\t<span class=\"elementor-button-text\">T\u00e9l\u00e9charger<\/span>\n\t\t\t\t\t<\/span>\n\t\t\t\t\t<\/a>\n\t\t\t\t<\/div>\n\t\t\t\t\t\t\t\t<\/div>\n\t\t\t\t<\/div>\n\t\t\t\t<div class=\"elementor-element elementor-element-af40ae4 elementor-widget elementor-widget-spacer\" data-id=\"af40ae4\" data-element_type=\"widget\" data-e-type=\"widget\" data-widget_type=\"spacer.default\">\n\t\t\t\t<div class=\"elementor-widget-container\">\n\t\t\t\t\t\t\t<div class=\"elementor-spacer\">\n\t\t\t<div class=\"elementor-spacer-inner\"><\/div>\n\t\t<\/div>\n\t\t\t\t\t\t<\/div>\n\t\t\t\t<\/div>\n\t\t\t\t<div class=\"elementor-element elementor-element-2da4d32 elementor-widget elementor-widget-text-editor\" data-id=\"2da4d32\" data-element_type=\"widget\" data-e-type=\"widget\" data-widget_type=\"text-editor.default\">\n\t\t\t\t<div class=\"elementor-widget-container\">\n\t\t\t\t\t\t\t\t\t<h3 style=\"text-align: center;\">Une question ? Une r\u00e9action ?\u00a0<\/h3><h3 style=\"text-align: center;\">N\u2019h\u00e9sitez pas \u00e0 nous contacter\u00a0<\/h3><h3 style=\"text-align: center;\">education.permanente@apedaf.be<\/h3><h3 style=\"text-align: center;\">0472\/ 58.82.13<\/h3>\t\t\t\t\t\t\t\t<\/div>\n\t\t\t\t<\/div>\n\t\t\t\t\t<\/div>\n\t\t<\/div>\n\t\t\t\t\t<\/div>\n\t\t<\/section>\n\t\t\t\t<\/div>\n\t\t","protected":false},"excerpt":{"rendered":"<p>Campagne 2024 Pourquoi mettre l\u2019accent sur un \u00e9tudiant sourd et pas les \u00e9tudiants au sens large ?\u00a0La surdit\u00e9 en tant que handicap invisible est souvent incompris par le monde des entendants, et\u00a0celui-ci n\u2019a pas conscience des probl\u00e8mes rencontr\u00e9s dans la vie quotidienne.\u00a0Nous avons constat\u00e9 lors de nos entretiens avec les diff\u00e9rents intervenants du sup\u00e9rieur\u00a0(services d\u2019aide, [&hellip;]<\/p>\n","protected":false},"author":1,"featured_media":0,"parent":0,"menu_order":0,"comment_status":"closed","ping_status":"closed","template":"","meta":{"footnotes":""},"class_list":["post-9910","page","type-page","status-publish","hentry","entry"],"yoast_head":"<!-- This site is optimized with the Yoast SEO plugin v27.2 - https:\/\/yoast.com\/product\/yoast-seo-wordpress\/ -->\n<title>Campagne 2024 : Surdit\u00e9 et \u00e9tudes sup\u00e9rieures - APEDAF asbl<\/title>\n<meta name=\"robots\" content=\"index, follow, max-snippet:-1, max-image-preview:large, max-video-preview:-1\" \/>\n<link rel=\"canonical\" href=\"https:\/\/apedaf.be\/wordpress\/campagne-2024-surdite-et-etudes-superieures\/\" \/>\n<meta property=\"og:locale\" content=\"fr_FR\" \/>\n<meta property=\"og:type\" content=\"article\" \/>\n<meta property=\"og:title\" content=\"Campagne 2024 : Surdit\u00e9 et \u00e9tudes sup\u00e9rieures - APEDAF asbl\" \/>\n<meta property=\"og:description\" content=\"Campagne 2024 Pourquoi mettre l\u2019accent sur un \u00e9tudiant sourd et pas les \u00e9tudiants au sens large ?\u00a0La surdit\u00e9 en tant que handicap invisible est souvent incompris par le monde des entendants, et\u00a0celui-ci n\u2019a pas conscience des probl\u00e8mes rencontr\u00e9s dans la vie quotidienne.\u00a0Nous avons constat\u00e9 lors de nos entretiens avec les diff\u00e9rents intervenants du sup\u00e9rieur\u00a0(services d\u2019aide, [&hellip;]\" \/>\n<meta property=\"og:url\" content=\"https:\/\/apedaf.be\/wordpress\/campagne-2024-surdite-et-etudes-superieures\/\" \/>\n<meta property=\"og:site_name\" content=\"APEDAF asbl\" \/>\n<meta property=\"article:publisher\" content=\"https:\/\/www.facebook.com\/apedaf\/\" \/>\n<meta property=\"article:modified_time\" content=\"2025-08-11T09:29:31+00:00\" \/>\n<meta property=\"og:image\" content=\"https:\/\/apedaf.be\/wordpress\/wp-content\/uploads\/2024\/10\/EP-grande-banniere-site-.jpg\" \/>\n\t<meta property=\"og:image:width\" content=\"1920\" \/>\n\t<meta property=\"og:image:height\" content=\"1080\" \/>\n\t<meta property=\"og:image:type\" content=\"image\/jpeg\" \/>\n<meta name=\"twitter:card\" content=\"summary_large_image\" \/>\n<meta name=\"twitter:label1\" content=\"Dur\u00e9e de lecture estim\u00e9e\" \/>\n\t<meta name=\"twitter:data1\" content=\"4 minutes\" \/>\n<script type=\"application\/ld+json\" class=\"yoast-schema-graph\">{\"@context\":\"https:\/\/schema.org\",\"@graph\":[{\"@type\":\"WebPage\",\"@id\":\"https:\/\/apedaf.be\/wordpress\/campagne-2024-surdite-et-etudes-superieures\/\",\"url\":\"https:\/\/apedaf.be\/wordpress\/campagne-2024-surdite-et-etudes-superieures\/\",\"name\":\"Campagne 2024 : Surdit\u00e9 et \u00e9tudes sup\u00e9rieures - APEDAF asbl\",\"isPartOf\":{\"@id\":\"https:\/\/apedaf.be\/wordpress\/#website\"},\"primaryImageOfPage\":{\"@id\":\"https:\/\/apedaf.be\/wordpress\/campagne-2024-surdite-et-etudes-superieures\/#primaryimage\"},\"image\":{\"@id\":\"https:\/\/apedaf.be\/wordpress\/campagne-2024-surdite-et-etudes-superieures\/#primaryimage\"},\"thumbnailUrl\":\"https:\/\/apedaf.be\/wordpress\/wp-content\/uploads\/2024\/10\/EP-grande-banniere-site--1024x576.jpg\",\"datePublished\":\"2024-11-04T13:57:35+00:00\",\"dateModified\":\"2025-08-11T09:29:31+00:00\",\"breadcrumb\":{\"@id\":\"https:\/\/apedaf.be\/wordpress\/campagne-2024-surdite-et-etudes-superieures\/#breadcrumb\"},\"inLanguage\":\"fr-FR\",\"potentialAction\":[{\"@type\":\"ReadAction\",\"target\":[\"https:\/\/apedaf.be\/wordpress\/campagne-2024-surdite-et-etudes-superieures\/\"]}]},{\"@type\":\"ImageObject\",\"inLanguage\":\"fr-FR\",\"@id\":\"https:\/\/apedaf.be\/wordpress\/campagne-2024-surdite-et-etudes-superieures\/#primaryimage\",\"url\":\"https:\/\/apedaf.be\/wordpress\/wp-content\/uploads\/2024\/10\/EP-grande-banniere-site-.jpg\",\"contentUrl\":\"https:\/\/apedaf.be\/wordpress\/wp-content\/uploads\/2024\/10\/EP-grande-banniere-site-.jpg\",\"width\":1920,\"height\":1080},{\"@type\":\"BreadcrumbList\",\"@id\":\"https:\/\/apedaf.be\/wordpress\/campagne-2024-surdite-et-etudes-superieures\/#breadcrumb\",\"itemListElement\":[{\"@type\":\"ListItem\",\"position\":1,\"name\":\"Accueil\",\"item\":\"https:\/\/apedaf.be\/wordpress\/\"},{\"@type\":\"ListItem\",\"position\":2,\"name\":\"Campagne 2024 : Surdit\u00e9 et \u00e9tudes sup\u00e9rieures\"}]},{\"@type\":\"WebSite\",\"@id\":\"https:\/\/apedaf.be\/wordpress\/#website\",\"url\":\"https:\/\/apedaf.be\/wordpress\/\",\"name\":\"L'APEDAF asbl\",\"description\":\"Pour l&#039;\u00e9panouissement des enfants sourds et malentendants\",\"publisher\":{\"@id\":\"https:\/\/apedaf.be\/wordpress\/#organization\"},\"potentialAction\":[{\"@type\":\"SearchAction\",\"target\":{\"@type\":\"EntryPoint\",\"urlTemplate\":\"https:\/\/apedaf.be\/wordpress\/?s={search_term_string}\"},\"query-input\":{\"@type\":\"PropertyValueSpecification\",\"valueRequired\":true,\"valueName\":\"search_term_string\"}}],\"inLanguage\":\"fr-FR\"},{\"@type\":\"Organization\",\"@id\":\"https:\/\/apedaf.be\/wordpress\/#organization\",\"name\":\"L'APEDAF asbl\",\"url\":\"https:\/\/apedaf.be\/wordpress\/\",\"logo\":{\"@type\":\"ImageObject\",\"inLanguage\":\"fr-FR\",\"@id\":\"https:\/\/apedaf.be\/wordpress\/#\/schema\/logo\/image\/\",\"url\":\"https:\/\/apedaf.be\/wordpress\/wp-content\/uploads\/2020\/04\/cropped-Apedaf-QUADRI-general-V-e1586436209432-2.png\",\"contentUrl\":\"https:\/\/apedaf.be\/wordpress\/wp-content\/uploads\/2020\/04\/cropped-Apedaf-QUADRI-general-V-e1586436209432-2.png\",\"width\":620,\"height\":273,\"caption\":\"L'APEDAF asbl\"},\"image\":{\"@id\":\"https:\/\/apedaf.be\/wordpress\/#\/schema\/logo\/image\/\"},\"sameAs\":[\"https:\/\/www.facebook.com\/apedaf\/\",\"https:\/\/www.instagram.com\/asblapedaf\/\"]}]}<\/script>\n<!-- \/ Yoast SEO plugin. -->","yoast_head_json":{"title":"Campagne 2024 : Surdit\u00e9 et \u00e9tudes sup\u00e9rieures - APEDAF asbl","robots":{"index":"index","follow":"follow","max-snippet":"max-snippet:-1","max-image-preview":"max-image-preview:large","max-video-preview":"max-video-preview:-1"},"canonical":"https:\/\/apedaf.be\/wordpress\/campagne-2024-surdite-et-etudes-superieures\/","og_locale":"fr_FR","og_type":"article","og_title":"Campagne 2024 : Surdit\u00e9 et \u00e9tudes sup\u00e9rieures - APEDAF asbl","og_description":"Campagne 2024 Pourquoi mettre l\u2019accent sur un \u00e9tudiant sourd et pas les \u00e9tudiants au sens large ?\u00a0La surdit\u00e9 en tant que handicap invisible est souvent incompris par le monde des entendants, et\u00a0celui-ci n\u2019a pas conscience des probl\u00e8mes rencontr\u00e9s dans la vie quotidienne.\u00a0Nous avons constat\u00e9 lors de nos entretiens avec les diff\u00e9rents intervenants du sup\u00e9rieur\u00a0(services d\u2019aide, [&hellip;]","og_url":"https:\/\/apedaf.be\/wordpress\/campagne-2024-surdite-et-etudes-superieures\/","og_site_name":"APEDAF asbl","article_publisher":"https:\/\/www.facebook.com\/apedaf\/","article_modified_time":"2025-08-11T09:29:31+00:00","og_image":[{"width":1920,"height":1080,"url":"https:\/\/apedaf.be\/wordpress\/wp-content\/uploads\/2024\/10\/EP-grande-banniere-site-.jpg","type":"image\/jpeg"}],"twitter_card":"summary_large_image","twitter_misc":{"Dur\u00e9e de lecture estim\u00e9e":"4 minutes"},"schema":{"@context":"https:\/\/schema.org","@graph":[{"@type":"WebPage","@id":"https:\/\/apedaf.be\/wordpress\/campagne-2024-surdite-et-etudes-superieures\/","url":"https:\/\/apedaf.be\/wordpress\/campagne-2024-surdite-et-etudes-superieures\/","name":"Campagne 2024 : Surdit\u00e9 et \u00e9tudes sup\u00e9rieures - APEDAF asbl","isPartOf":{"@id":"https:\/\/apedaf.be\/wordpress\/#website"},"primaryImageOfPage":{"@id":"https:\/\/apedaf.be\/wordpress\/campagne-2024-surdite-et-etudes-superieures\/#primaryimage"},"image":{"@id":"https:\/\/apedaf.be\/wordpress\/campagne-2024-surdite-et-etudes-superieures\/#primaryimage"},"thumbnailUrl":"https:\/\/apedaf.be\/wordpress\/wp-content\/uploads\/2024\/10\/EP-grande-banniere-site--1024x576.jpg","datePublished":"2024-11-04T13:57:35+00:00","dateModified":"2025-08-11T09:29:31+00:00","breadcrumb":{"@id":"https:\/\/apedaf.be\/wordpress\/campagne-2024-surdite-et-etudes-superieures\/#breadcrumb"},"inLanguage":"fr-FR","potentialAction":[{"@type":"ReadAction","target":["https:\/\/apedaf.be\/wordpress\/campagne-2024-surdite-et-etudes-superieures\/"]}]},{"@type":"ImageObject","inLanguage":"fr-FR","@id":"https:\/\/apedaf.be\/wordpress\/campagne-2024-surdite-et-etudes-superieures\/#primaryimage","url":"https:\/\/apedaf.be\/wordpress\/wp-content\/uploads\/2024\/10\/EP-grande-banniere-site-.jpg","contentUrl":"https:\/\/apedaf.be\/wordpress\/wp-content\/uploads\/2024\/10\/EP-grande-banniere-site-.jpg","width":1920,"height":1080},{"@type":"BreadcrumbList","@id":"https:\/\/apedaf.be\/wordpress\/campagne-2024-surdite-et-etudes-superieures\/#breadcrumb","itemListElement":[{"@type":"ListItem","position":1,"name":"Accueil","item":"https:\/\/apedaf.be\/wordpress\/"},{"@type":"ListItem","position":2,"name":"Campagne 2024 : Surdit\u00e9 et \u00e9tudes sup\u00e9rieures"}]},{"@type":"WebSite","@id":"https:\/\/apedaf.be\/wordpress\/#website","url":"https:\/\/apedaf.be\/wordpress\/","name":"L'APEDAF asbl","description":"Pour l&#039;\u00e9panouissement des enfants sourds et malentendants","publisher":{"@id":"https:\/\/apedaf.be\/wordpress\/#organization"},"potentialAction":[{"@type":"SearchAction","target":{"@type":"EntryPoint","urlTemplate":"https:\/\/apedaf.be\/wordpress\/?s={search_term_string}"},"query-input":{"@type":"PropertyValueSpecification","valueRequired":true,"valueName":"search_term_string"}}],"inLanguage":"fr-FR"},{"@type":"Organization","@id":"https:\/\/apedaf.be\/wordpress\/#organization","name":"L'APEDAF asbl","url":"https:\/\/apedaf.be\/wordpress\/","logo":{"@type":"ImageObject","inLanguage":"fr-FR","@id":"https:\/\/apedaf.be\/wordpress\/#\/schema\/logo\/image\/","url":"https:\/\/apedaf.be\/wordpress\/wp-content\/uploads\/2020\/04\/cropped-Apedaf-QUADRI-general-V-e1586436209432-2.png","contentUrl":"https:\/\/apedaf.be\/wordpress\/wp-content\/uploads\/2020\/04\/cropped-Apedaf-QUADRI-general-V-e1586436209432-2.png","width":620,"height":273,"caption":"L'APEDAF asbl"},"image":{"@id":"https:\/\/apedaf.be\/wordpress\/#\/schema\/logo\/image\/"},"sameAs":["https:\/\/www.facebook.com\/apedaf\/","https:\/\/www.instagram.com\/asblapedaf\/"]}]}},"jetpack_sharing_enabled":true,"_links":{"self":[{"href":"https:\/\/apedaf.be\/wordpress\/wp-json\/wp\/v2\/pages\/9910","targetHints":{"allow":["GET"]}}],"collection":[{"href":"https:\/\/apedaf.be\/wordpress\/wp-json\/wp\/v2\/pages"}],"about":[{"href":"https:\/\/apedaf.be\/wordpress\/wp-json\/wp\/v2\/types\/page"}],"author":[{"embeddable":true,"href":"https:\/\/apedaf.be\/wordpress\/wp-json\/wp\/v2\/users\/1"}],"replies":[{"embeddable":true,"href":"https:\/\/apedaf.be\/wordpress\/wp-json\/wp\/v2\/comments?post=9910"}],"version-history":[{"count":67,"href":"https:\/\/apedaf.be\/wordpress\/wp-json\/wp\/v2\/pages\/9910\/revisions"}],"predecessor-version":[{"id":11685,"href":"https:\/\/apedaf.be\/wordpress\/wp-json\/wp\/v2\/pages\/9910\/revisions\/11685"}],"wp:attachment":[{"href":"https:\/\/apedaf.be\/wordpress\/wp-json\/wp\/v2\/media?parent=9910"}],"curies":[{"name":"wp","href":"https:\/\/api.w.org\/{rel}","templated":true}]}}